{"id":15,"date":"2024-07-17T10:41:42","date_gmt":"2024-07-17T13:41:42","guid":{"rendered":"https:\/\/educacaoeterritorio.org.br\/especiais\/racismo-ambiental-e-infancias\/?post_type=reportagem&#038;p=15"},"modified":"2025-01-16T13:43:10","modified_gmt":"2025-01-16T16:43:10","slug":"como-a-crise-climatica-atinge-os-direitos-das-criancas-e-dos-adolescentes","status":"publish","type":"reportagem","link":"https:\/\/educacaoeterritorio.org.br\/especiais\/racismo-ambiental-e-infancias\/reportagens\/como-a-crise-climatica-atinge-os-direitos-das-criancas-e-dos-adolescentes\/","title":{"rendered":"Como a crise clim\u00e1tica atinge os direitos das crian\u00e7as e dos adolescentes"},"content":{"rendered":"\n<h2 style=\"font-size:18px\">A emerg\u00eancia clim\u00e1tica \u00e9 tamb\u00e9m uma crise para os direitos das inf\u00e2ncias e juventudes. Entenda na reportagem.  <\/h2>\n\n\n\n<p style=\"font-size:15px\"><mark style=\"background-color:#000000\" class=\"has-inline-color has-white-color\">Reportagem: Ingrid Matuoka | Edi\u00e7\u00e3o: Tory Helena <\/mark><\/p>\n\n\n\n<div class=\"wp-block-columns\">\n<div class=\"wp-block-column\">\n<pre class=\"wp-block-preformatted has-white-color has-text-color has-background\" style=\"background:linear-gradient(180deg,rgb(99,51,87) 0%,rgb(219,26,107) 100%)\"><strong>Resumo: <\/strong>Ao menos 40 milh\u00f5es de crian\u00e7as e adolescentes \u2013 60% do total \u2013 j\u00e1 s\u00e3o impactados no Brasil pela crise clim\u00e1tica. A situa\u00e7\u00e3o se agrava conforme se soma \u00e0s demais priva\u00e7\u00f5es de direitos. Entenda como as inf\u00e2ncias e adolesc\u00eancias s\u00e3o impactadas e os caminhos para frear a crise.<\/pre>\n<\/div>\n\n\n\n<div class=\"wp-block-column\">\n<div class=\"wp-block-image\"><figure class=\"aligncenter size-large\"><a href=\"https:\/\/educacaoeterritorio.org.br\/especiais\/racismo-ambiental-e-infancias\/\"><img loading=\"lazy\" width=\"1024\" height=\"366\" src=\"https:\/\/educacaoeterritorio.org.br\/especiais\/racismo-ambiental-e-infancias\/wp-content\/uploads\/sites\/2\/2024\/10\/Logo-Principal-1024x366.png\" alt=\"Logo do Especial Racismo Ambiental e Inf\u00e2ncias\" class=\"wp-image-70\" srcset=\"https:\/\/educacaoeterritorio.org.br\/especiais\/racismo-ambiental-e-infancias\/wp-content\/uploads\/sites\/2\/2024\/10\/Logo-Principal-1024x366.png 1024w, https:\/\/educacaoeterritorio.org.br\/especiais\/racismo-ambiental-e-infancias\/wp-content\/uploads\/sites\/2\/2024\/10\/Logo-Principal-300x107.png 300w, https:\/\/educacaoeterritorio.org.br\/especiais\/racismo-ambiental-e-infancias\/wp-content\/uploads\/sites\/2\/2024\/10\/Logo-Principal-768x274.png 768w, https:\/\/educacaoeterritorio.org.br\/especiais\/racismo-ambiental-e-infancias\/wp-content\/uploads\/sites\/2\/2024\/10\/Logo-Principal.png 1080w\" sizes=\"(max-width: 1024px) 100vw, 1024px\" \/><\/a><\/figure><\/div>\n<\/div>\n<\/div>\n\n\n\n<p>Em 22 de julho de 2023, o Cristo Redentor, no Rio de Janeiro (RJ), anoiteceu com a proje\u00e7\u00e3o de uma contagem regressiva: naquele dia restavam 5 anos e 364 dias de uma Terra com temperaturas minimamente seguras para a exist\u00eancia de vida.&nbsp;<\/p>\n\n\n\n<p>O Rel\u00f3gio do Clima, idealizado pelos artistas estadunidenses Gan Golan e Andrew Boyd, j\u00e1 passou por cidades como Berlim, Nova Iorque e Seul. Por aqui, a proje\u00e7\u00e3o mostrava solu\u00e7\u00f5es de combate \u00e0 crise clim\u00e1tica que podem ser aplicadas no Brasil.&nbsp;<\/p>\n\n\n\n<p>Entre elas, garantir saneamento b\u00e1sico para todos, zero taxa de desmatamento em todos os biomas e territ\u00f3rios protegidos pelos povos origin\u00e1rios. Segundo dados do Banco Mundial (2008), os povos ind\u00edgenas correspondem a 5% da popula\u00e7\u00e3o mundial, entretanto protegem 80% de toda a biodiversidade do planeta.&nbsp;<\/p>\n\n\n\n<p>Se nada for feito daqui at\u00e9 l\u00e1, a crise clim\u00e1tica vai seguir se agravando, com impactos que atingem primeiro e de forma mais aguda crian\u00e7as e adolescentes com defici\u00eancia, negros, ind\u00edgenas e quilombolas, migrantes e refugiados, e as meninas. \u00c9 o que mostra o relat\u00f3rio <a href=\"https:\/\/www.unicef.org\/brazil\/relatorios\/criancas-adolescentes-e-mudancas-climaticas-no-brasil-2022\">Crian\u00e7as, Adolescentes e Mudan\u00e7as Clim\u00e1ticas no Brasil<\/a>, do UNICEF.<\/p>\n\n\n\n<p>\u201cOs padr\u00f5es de desigualdades que se aplicam a todos os direitos se repetem na crise clim\u00e1tica. Estamos falando de uma crise dos direitos de crian\u00e7as e adolescentes que vai seguir os mesmos padr\u00f5es de desigualdade e injusti\u00e7a do Brasil\u201d, sintetiza Danilo Moura, oficial de Monitoramento e Avalia\u00e7\u00e3o do UNICEF no Brasil.<\/p>\n\n\n\n<p>Publicado durante a COP 27, em 2022, o estudo mostra que 40 milh\u00f5es de crian\u00e7as e adolescentes j\u00e1 s\u00e3o impactados no Brasil pelas mudan\u00e7as clim\u00e1ticas, especialmente em regi\u00f5es mais vulner\u00e1veis. Isso corresponde a 60% das crian\u00e7as e adolescentes brasileiros.&nbsp;<\/p>\n\n\n\n<p>H\u00e1 consequ\u00eancias imediatas, como desnutri\u00e7\u00e3o, surtos de doen\u00e7as infecciosas, interrup\u00e7\u00e3o das atividades escolares, perda da moradia e do contato com a fam\u00edlia, riscos de abuso e explora\u00e7\u00e3o sexual e outras formas de viol\u00eancia.<\/p>\n\n\n\n<p>No longo prazo, h\u00e1 impactos para o bem-estar e o desenvolvimento futuro, com comprometimento da sa\u00fade e nutri\u00e7\u00e3o, atraso educacional e traumas psicol\u00f3gicos permanentes.&nbsp;<\/p>\n\n\n\n<div class=\"wp-block-image\"><figure class=\"aligncenter size-full\"><img loading=\"lazy\" width=\"600\" height=\"2382\" src=\"https:\/\/educacaoeterritorio.org.br\/especiais\/racismo-ambiental-e-infancias\/wp-content\/uploads\/sites\/2\/2024\/10\/infografico-crise-climatica.jpg\" alt=\"\" class=\"wp-image-112\" srcset=\"https:\/\/educacaoeterritorio.org.br\/especiais\/racismo-ambiental-e-infancias\/wp-content\/uploads\/sites\/2\/2024\/10\/infografico-crise-climatica.jpg 600w, https:\/\/educacaoeterritorio.org.br\/especiais\/racismo-ambiental-e-infancias\/wp-content\/uploads\/sites\/2\/2024\/10\/infografico-crise-climatica-258x1024.jpg 258w, https:\/\/educacaoeterritorio.org.br\/especiais\/racismo-ambiental-e-infancias\/wp-content\/uploads\/sites\/2\/2024\/10\/infografico-crise-climatica-387x1536.jpg 387w, https:\/\/educacaoeterritorio.org.br\/especiais\/racismo-ambiental-e-infancias\/wp-content\/uploads\/sites\/2\/2024\/10\/infografico-crise-climatica-516x2048.jpg 516w\" sizes=\"(max-width: 600px) 100vw, 600px\" \/><\/figure><\/div>\n\n\n\n<p>\u201cCrian\u00e7as e adolescentes, por quest\u00f5es fisiol\u00f3gicas, s\u00e3o mais vulner\u00e1veis a certos impactos. A polui\u00e7\u00e3o, por exemplo, \u00e9 mais nociva para o c\u00e9rebro, pulm\u00f5es e sistema imunol\u00f3gico dos mais novos. Nas enchentes, s\u00e3o eles os que t\u00eam menos possibilidade de se proteger por conta pr\u00f3pria. E \u00e9 na inf\u00e2ncia que os servi\u00e7os p\u00fablicos s\u00e3o mais utilizados. Se h\u00e1 uma cat\u00e1strofe, \u00e9 a escola que vira abrigo\u201d, explica Danilo.<\/p>\n\n\n\n<p>A degrada\u00e7\u00e3o ambiental tamb\u00e9m vem acompanhada de outro efeito nefasto. As regi\u00f5es onde h\u00e1 mais desmatamento e garimpo ilegal s\u00e3o tamb\u00e9m os locais onde h\u00e1 mais registros de meninas de at\u00e9 14 anos gr\u00e1vidas \u2013 nesses casos, h\u00e1 viol\u00eancia presumida.&nbsp;<\/p>\n\n\n\n<p>Outro <a href=\"https:\/\/www.bbc.com\/portuguese\/articles\/c19rmp2ewndo#:~:text=Problemas%20a%20mitigar&amp;text=%22Nestas%20situa%C3%A7%C3%B5es%2C%20as%20fam%C3%ADlias%20optam,desigualdade%20em%20todas%20as%20sociedades.\">estudo<\/a>, conduzido pela Universidade de Ohio, nos Estados Unidos da Am\u00e9rica, mostrou que em Bangladesh, onde ocorrem h\u00e1 v\u00e1rios anos ondas de calor extremo com dura\u00e7\u00e3o superior a 30 dias, foi registrado um aumento de 50% nos casamentos for\u00e7ados de meninas entre 11 e 14 anos. As principais raz\u00f5es para este aumento t\u00eam a ver com o sustento familiar.<\/p>\n\n\n\n<p>No Brasil, o estudo do Unicef revelou que em Roraima, onde foi registrada a taxa nacional mais alta, de 3,69 meninas de at\u00e9 14 anos gr\u00e1vidas a cada mil gesta\u00e7\u00f5es, \u00e9 tamb\u00e9m onde h\u00e1 migra\u00e7\u00e3o de crian\u00e7as e adolescentes venezuelanos em grande n\u00famero, o que evidencia a vulnerabilidade das inf\u00e2ncias migrantes e o car\u00e1ter de desigualdade de impactos.<\/p>\n\n\n\n<p>\u201cA probabilidade de uma crian\u00e7a negra morar em uma \u00e1rea de risco \u00e9 maior do que a de uma branca. As crian\u00e7as ind\u00edgenas, por seu modo de vida mais integrado \u00e0 natureza, tamb\u00e9m ficam mais amea\u00e7adas\u201d, destaca Danilo.<\/p>\n\n\n\n<h2><strong>Educa\u00e7\u00e3o e caminhos para enfrentar a crise clim\u00e1tica<\/strong><\/h2>\n\n\n\n<p>Desde 2009 a juventude come\u00e7ou a ocupar espa\u00e7os estrat\u00e9gicos nas negocia\u00e7\u00f5es que envolvem o clima, quando foi criado o Youth Constituency to the UNFCCC (YOUNGO), grupo formalizado pela Organiza\u00e7\u00e3o das Na\u00e7\u00f5es Unidas (ONU).<\/p>\n\n\n\n<p>Foram eles os respons\u00e1veis por redigir o Artigo 12 do Acordo de Paris, que versa sobre a import\u00e2ncia da educa\u00e7\u00e3o clim\u00e1tica e ambiental na conscientiza\u00e7\u00e3o e participa\u00e7\u00e3o p\u00fablica para potencializar as a\u00e7\u00f5es previstas no Acordo.<\/p>\n\n\n\n<p>Contudo, a pesquisa <a href=\"https:\/\/revistacasacomum.com.br\/jovens-se-preocupam-com-meio-ambiente-mas-ha-um-desconhecimento-real-sobre-o-tema\/\"><em>Juventudes, meio ambiente e mudan\u00e7as clim\u00e1ticas<\/em><\/a><em>, <\/em>mostra que menos de 3 a cada 10 jovens dizem conversar com frequ\u00eancia sobre a tem\u00e1tica ambiental.&nbsp;<\/p>\n\n\n\n<p>Quem mais conversa com frequ\u00eancia sobre o tema s\u00e3o jovens LGBTQIAPN+ (39%) e moradores de territ\u00f3rios tradicionais (38%). Mulheres tamb\u00e9m s\u00e3o mais envolvidas com esse debate (29%).<\/p>\n\n\n\n<p>\u201cCrian\u00e7as e adolescentes s\u00e3o potenciais v\u00edtimas, mas tamb\u00e9m t\u00eam conhecimentos, experi\u00eancias e vis\u00f5es de mundo que podem contribuir para encontrar solu\u00e7\u00f5es, tanto \u00e9 que a vanguarda do ambientalismo no mundo hoje \u00e9 dos jovens\u201d, observa Danilo.<\/p>\n\n\n\n<p>Nas escolas, a Educa\u00e7\u00e3o Ambiental \u00e9 lei. Institu\u00edda em 1999 pela Pol\u00edtica<\/p>\n\n\n\n<p>Nacional de Educa\u00e7\u00e3o Ambiental, seu foco est\u00e1 na perspectiva da preserva\u00e7\u00e3o, conserva\u00e7\u00e3o, recupera\u00e7\u00e3o e melhoria do meio ambiente.&nbsp;<\/p>\n\n\n\n<p>A pol\u00edtica est\u00e1 alinhada \u00e0 Constitui\u00e7\u00e3o Federal, que determina que um meio ambiente equilibrado e preservado \u00e9 um direito e que as crian\u00e7as e adolescentes s\u00e3o prioridade absoluta.<\/p>\n\n\n\n<p>Na experi\u00eancia de Pedro Mota, mobilizador de Juventudes pelo Clima na <a href=\"https:\/\/www.instagram.com\/org.mandi\/\">ONG MAND\u00cd<\/a> e pesquisador na <a href=\"https:\/\/www.instagram.com\/cojovem.br\/\">ONG COJOVEM<\/a>, h\u00e1 falta de informa\u00e7\u00f5es sobre conceitos essenciais e algumas distor\u00e7\u00f5es.<\/p>\n\n\n\n<p>\u201cCostumam chamar essas problem\u00e1ticas de desastres naturais, mas n\u00e3o s\u00e3o naturais, porque fazem parte de todo um processo que envolve racismo ambiental, crise clim\u00e1tica e a\u00e7\u00f5es e neglig\u00eancias humanas nesse processo\u201d, afirma o jovem de 25 anos que se empenha em promover a Educa\u00e7\u00e3o Ambiental em escolas e territ\u00f3rios.<\/p>\n\n\n\n<p>\u201cSou cria de um projeto de Educa\u00e7\u00e3o Ambiental e minha vida foi transformada a partir disso, ent\u00e3o venho trazer esses dados, mostrar que os povos ind\u00edgenas s\u00e3o mantenedores da floresta de p\u00e9 e que eles t\u00eam muitos processos cient\u00edficos\u201d, diz.<\/p>\n\n\n\n<h2><strong>Clima: uma responsabilidade coletiva<\/strong><\/h2>\n\n\n\n<p>A Educa\u00e7\u00e3o Ambiental e as iniciativas das juventudes s\u00e3o fundamentais para frear a crise clim\u00e1tica. A responsabilidade, contudo, precisa ser partilhada com toda a sociedade.<\/p>\n\n\n\n<p>\u201cVamos ter que adaptar os servi\u00e7os essenciais para operar em um mundo com demandas maiores em situa\u00e7\u00e3o de desastres e respostas melhores em contextos de press\u00e3o ambiental. Mas o que precisamos fazer \u00e9 cumprir o <a href=\"https:\/\/brasil.un.org\/pt-br\/88191-acordo-de-paris-sobre-o-clima\">Acordo de Paris<\/a>\u201d, defende Danilo.<\/p>\n\n\n\n<p>Aprovado por 195 pa\u00edses em 2015, o Acordo de Paris sobre o Clima \u00e9 um compromisso mundial para deter o aquecimento global, com medidas como redu\u00e7\u00e3o da emiss\u00e3o de gases de efeito estufa (GEE) a fim de limitar o aumento da temperatura global em 1,5 \u00b0C.<\/p>\n\n\n\n<p>Em 2022, em julgamento hist\u00f3rico no Brasil, o Supremo Tribunal Federal (STF) equiparou o Acordo de Paris a um <a href=\"https:\/\/climaesociedade.org\/stf-determina-que-governo-volte-a-liberar-recursos-para-o-fundo-clima\/\">tratado de direitos humanos<\/a>, com posi\u00e7\u00e3o superior \u00e0s leis ordin\u00e1rias.<\/p>\n\n\n\n<p>\u201cN\u00e3o existe solu\u00e7\u00e3o se continuarmos utilizando combust\u00edveis f\u00f3sseis. Precisamos fazer essa transi\u00e7\u00e3o energ\u00e9tica e zerar as emiss\u00f5es. A partir disso, muitas coisas podem ser feitas\u201d, avalia Danilo.<\/p>\n\n\n\n<div class=\"wp-container-1 wp-block-buttons\">\n<div class=\"wp-block-button\"><a class=\"wp-block-button__link has-white-color has-black-background-color has-text-color has-background\">O que \u00e9 a crise clim\u00e1tica?&nbsp;<\/a><\/div>\n<\/div>\n\n\n\n<p class=\"has-cyan-bluish-gray-background-color has-background\">Desde 1900, a temperatura m\u00e9dia da Terra j\u00e1 se elevou em 1,1 \u00baC e continua subindo. Em 2023, o Secret\u00e1rio-geral da Organiza\u00e7\u00e3o das Na\u00e7\u00f5es Unidas (ONU), Ant\u00f3nio Guterres, trocou o termo aquecimento global, j\u00e1 conhecido, por ebuli\u00e7\u00e3o global, para descrever a fase atual do problema. <br><br>Polui\u00e7\u00e3o, queimadas, desmatamentos e outras a\u00e7\u00f5es humanas de degrada\u00e7\u00e3o ambiental est\u00e3o entre as causas da crise clim\u00e1tica. Para estudar a quest\u00e3o, em 1988 foi fundado o Painel Intergovernamental sobre Mudan\u00e7as Clim\u00e1ticas, organiza\u00e7\u00e3o cient\u00edfico-pol\u00edtica da ONU.<br><br>Os cientistas que comp\u00f5em o painel n\u00e3o produzem pesquisas. No lugar disso, eles re\u00fanem os estudos produzidos ao redor do mundo sobre o tema e sintetizam os achados. O \u00faltimo relat\u00f3rio, publicado em mar\u00e7o de 2023, traz pesquisas de 782 cientistas.<br><br>A conclus\u00e3o \u00e9 que h\u00e1 grandes chances de ultrapassarmos 1,5 \u00b0C ainda na d\u00e9cada de 2030. Os efeitos que j\u00e1 podem ser sentidos hoje, como impactos na produ\u00e7\u00e3o alimentar, ondas de calor, secas e inunda\u00e7\u00f5es mais intensas e frequentes, juntamente com a subida do n\u00edvel do mar, ser\u00e3o agravados.<br><br>Se continuarmos nesse rumo, os riscos se tornam cada vez mais perigosos e irrevers\u00edveis, como a destrui\u00e7\u00e3o de comunidades, perda de ecossistemas inteiros nas regi\u00f5es polares, costeiras e montanhosas, risco de extin\u00e7\u00e3o de 3% e 14% de todas as esp\u00e9cies terrestres, bem como o aumento de doen\u00e7as infecciosas.<br><br>H\u00e1, contudo, alguma esperan\u00e7a. A principal medida, de acordo com o IPCC, \u00e9 reduzir as emiss\u00f5es globais de gases de efeito estufa pela metade at\u00e9 2030 e em 99% at\u00e9 2050.<\/p>\n\n\n\n<p><\/p>\n","protected":false},"excerpt":{"rendered":"<p>A emerg\u00eancia clim\u00e1tica \u00e9 tamb\u00e9m uma crise para os direitos das inf\u00e2ncias e juventudes. Entenda na reportagem. Reportagem: Ingrid Matuoka | Edi\u00e7\u00e3o: Tory Helena Resumo: Ao menos 40 milh\u00f5es de crian\u00e7as e adolescentes \u2013 60% do total \u2013 j\u00e1 s\u00e3o impactados no Brasil pela crise clim\u00e1tica. A situa\u00e7\u00e3o se agrava conforme se soma \u00e0s demais [&hellip;]<\/p>\n","protected":false},"featured_media":17,"comment_status":"open","ping_status":"closed","template":"","yoast_head":"<!-- This site is optimized with the Yoast SEO plugin v19.13 - https:\/\/yoast.com\/wordpress\/plugins\/seo\/ -->\n<title>Como a crise clim\u00e1tica atinge os direitos das crian\u00e7as e dos adolescentes - Especial Racismo Ambiental e Inf\u00e2ncias | Educa\u00e7\u00e3o e Territ\u00f3rio<\/title>\n<meta name=\"description\" content=\"As inf\u00e2ncias e adolesc\u00eancias j\u00e1 est\u00e3o sendo afetadas pela emerg\u00eancia clim\u00e1tica e pelos eventos extremos. Conhe\u00e7a os principais impactos e os caminhos para frear a crise.\u00a0\" \/>\n<meta name=\"robots\" content=\"index, follow, max-snippet:-1, max-image-preview:large, max-video-preview:-1\" \/>\n<link rel=\"canonical\" href=\"https:\/\/educacaoeterritorio.org.br\/especiais\/racismo-ambiental-e-infancias\/reportagens\/como-a-crise-climatica-atinge-os-direitos-das-criancas-e-dos-adolescentes\/\" \/>\n<meta property=\"og:locale\" content=\"pt_BR\" \/>\n<meta property=\"og:type\" content=\"article\" \/>\n<meta property=\"og:title\" content=\"Como a crise clim\u00e1tica atinge os direitos das crian\u00e7as e dos adolescentes - Especial Racismo Ambiental e Inf\u00e2ncias | Educa\u00e7\u00e3o e Territ\u00f3rio\" \/>\n<meta property=\"og:description\" content=\"As inf\u00e2ncias e adolesc\u00eancias j\u00e1 est\u00e3o sendo afetadas pela emerg\u00eancia clim\u00e1tica e pelos eventos extremos. Conhe\u00e7a os principais impactos e os caminhos para frear a crise.\u00a0\" \/>\n<meta property=\"og:url\" content=\"https:\/\/educacaoeterritorio.org.br\/especiais\/racismo-ambiental-e-infancias\/reportagens\/como-a-crise-climatica-atinge-os-direitos-das-criancas-e-dos-adolescentes\/\" \/>\n<meta property=\"og:site_name\" content=\"Especial Racismo Ambiental e Inf\u00e2ncias | Educa\u00e7\u00e3o e Territ\u00f3rio\" \/>\n<meta property=\"article:modified_time\" content=\"2025-01-16T16:43:10+00:00\" \/>\n<meta property=\"og:image\" content=\"https:\/\/educacaoeterritorio.org.br\/especiais\/racismo-ambiental-e-infancias\/wp-content\/uploads\/sites\/2\/2024\/07\/Racismo-Ambiental-e-Infancias.jpg\" \/>\n\t<meta property=\"og:image:width\" content=\"1200\" \/>\n\t<meta property=\"og:image:height\" content=\"800\" \/>\n\t<meta property=\"og:image:type\" content=\"image\/jpeg\" \/>\n<meta name=\"twitter:card\" content=\"summary_large_image\" \/>\n<meta name=\"twitter:label1\" content=\"Est. tempo de leitura\" \/>\n\t<meta name=\"twitter:data1\" content=\"9 minutos\" \/>\n<script type=\"application\/ld+json\" class=\"yoast-schema-graph\">{\"@context\":\"https:\/\/schema.org\",\"@graph\":[{\"@type\":\"WebPage\",\"@id\":\"https:\/\/educacaoeterritorio.org.br\/especiais\/racismo-ambiental-e-infancias\/reportagens\/como-a-crise-climatica-atinge-os-direitos-das-criancas-e-dos-adolescentes\/\",\"url\":\"https:\/\/educacaoeterritorio.org.br\/especiais\/racismo-ambiental-e-infancias\/reportagens\/como-a-crise-climatica-atinge-os-direitos-das-criancas-e-dos-adolescentes\/\",\"name\":\"Como a crise clim\u00e1tica atinge os direitos das crian\u00e7as e dos adolescentes - Especial Racismo Ambiental e Inf\u00e2ncias | Educa\u00e7\u00e3o e Territ\u00f3rio\",\"isPartOf\":{\"@id\":\"https:\/\/educacaoeterritorio.org.br\/especiais\/racismo-ambiental-e-infancias\/#website\"},\"datePublished\":\"2024-07-17T13:41:42+00:00\",\"dateModified\":\"2025-01-16T16:43:10+00:00\",\"description\":\"As inf\u00e2ncias e adolesc\u00eancias j\u00e1 est\u00e3o sendo afetadas pela emerg\u00eancia clim\u00e1tica e pelos eventos extremos. Conhe\u00e7a os principais impactos e os caminhos para frear a crise.\u00a0\",\"breadcrumb\":{\"@id\":\"https:\/\/educacaoeterritorio.org.br\/especiais\/racismo-ambiental-e-infancias\/reportagens\/como-a-crise-climatica-atinge-os-direitos-das-criancas-e-dos-adolescentes\/#breadcrumb\"},\"inLanguage\":\"pt-BR\",\"potentialAction\":[{\"@type\":\"ReadAction\",\"target\":[\"https:\/\/educacaoeterritorio.org.br\/especiais\/racismo-ambiental-e-infancias\/reportagens\/como-a-crise-climatica-atinge-os-direitos-das-criancas-e-dos-adolescentes\/\"]}]},{\"@type\":\"BreadcrumbList\",\"@id\":\"https:\/\/educacaoeterritorio.org.br\/especiais\/racismo-ambiental-e-infancias\/reportagens\/como-a-crise-climatica-atinge-os-direitos-das-criancas-e-dos-adolescentes\/#breadcrumb\",\"itemListElement\":[{\"@type\":\"ListItem\",\"position\":1,\"name\":\"In\u00edcio\",\"item\":\"https:\/\/educacaoeterritorio.org.br\/especiais\/racismo-ambiental-e-infancias\/\"},{\"@type\":\"ListItem\",\"position\":2,\"name\":\"Reportagens\",\"item\":\"https:\/\/educacaoeterritorio.org.br\/especiais\/racismo-ambiental-e-infancias\/reportagens\/\"},{\"@type\":\"ListItem\",\"position\":3,\"name\":\"Como a crise clim\u00e1tica atinge os direitos das crian\u00e7as e dos adolescentes\"}]},{\"@type\":\"WebSite\",\"@id\":\"https:\/\/educacaoeterritorio.org.br\/especiais\/racismo-ambiental-e-infancias\/#website\",\"url\":\"https:\/\/educacaoeterritorio.org.br\/especiais\/racismo-ambiental-e-infancias\/\",\"name\":\"Especial Racismo Ambiental e Inf\u00e2ncias | Educa\u00e7\u00e3o e Territ\u00f3rio\",\"description\":\"Entenda como a crise clim\u00e1tica e o racismo ambiental afetam os direitos das crian\u00e7as e dos adolescentes.\",\"publisher\":{\"@id\":\"https:\/\/educacaoeterritorio.org.br\/especiais\/racismo-ambiental-e-infancias\/#organization\"},\"potentialAction\":[{\"@type\":\"SearchAction\",\"target\":{\"@type\":\"EntryPoint\",\"urlTemplate\":\"https:\/\/educacaoeterritorio.org.br\/especiais\/racismo-ambiental-e-infancias\/?s={search_term_string}\"},\"query-input\":\"required name=search_term_string\"}],\"inLanguage\":\"pt-BR\"},{\"@type\":\"Organization\",\"@id\":\"https:\/\/educacaoeterritorio.org.br\/especiais\/racismo-ambiental-e-infancias\/#organization\",\"name\":\"Especial Racismo Ambiental e Inf\u00e2ncias | Educa\u00e7\u00e3o e Territ\u00f3rio\",\"url\":\"https:\/\/educacaoeterritorio.org.br\/especiais\/racismo-ambiental-e-infancias\/\",\"logo\":{\"@type\":\"ImageObject\",\"inLanguage\":\"pt-BR\",\"@id\":\"https:\/\/educacaoeterritorio.org.br\/especiais\/racismo-ambiental-e-infancias\/#\/schema\/logo\/image\/\",\"url\":\"https:\/\/educacaoeterritorio.org.br\/especiais\/racismo-ambiental-e-infancias\/wp-content\/uploads\/sites\/2\/2024\/10\/cropped-logo-edt.png\",\"contentUrl\":\"https:\/\/educacaoeterritorio.org.br\/especiais\/racismo-ambiental-e-infancias\/wp-content\/uploads\/sites\/2\/2024\/10\/cropped-logo-edt.png\",\"width\":182,\"height\":51,\"caption\":\"Especial Racismo Ambiental e Inf\u00e2ncias | Educa\u00e7\u00e3o e Territ\u00f3rio\"},\"image\":{\"@id\":\"https:\/\/educacaoeterritorio.org.br\/especiais\/racismo-ambiental-e-infancias\/#\/schema\/logo\/image\/\"}}]}<\/script>\n<!-- \/ Yoast SEO plugin. -->","yoast_head_json":{"title":"Como a crise clim\u00e1tica atinge os direitos das crian\u00e7as e dos adolescentes - Especial Racismo Ambiental e Inf\u00e2ncias | Educa\u00e7\u00e3o e Territ\u00f3rio","description":"As inf\u00e2ncias e adolesc\u00eancias j\u00e1 est\u00e3o sendo afetadas pela emerg\u00eancia clim\u00e1tica e pelos eventos extremos. Conhe\u00e7a os principais impactos e os caminhos para frear a crise.\u00a0","robots":{"index":"index","follow":"follow","max-snippet":"max-snippet:-1","max-image-preview":"max-image-preview:large","max-video-preview":"max-video-preview:-1"},"canonical":"https:\/\/educacaoeterritorio.org.br\/especiais\/racismo-ambiental-e-infancias\/reportagens\/como-a-crise-climatica-atinge-os-direitos-das-criancas-e-dos-adolescentes\/","og_locale":"pt_BR","og_type":"article","og_title":"Como a crise clim\u00e1tica atinge os direitos das crian\u00e7as e dos adolescentes - Especial Racismo Ambiental e Inf\u00e2ncias | Educa\u00e7\u00e3o e Territ\u00f3rio","og_description":"As inf\u00e2ncias e adolesc\u00eancias j\u00e1 est\u00e3o sendo afetadas pela emerg\u00eancia clim\u00e1tica e pelos eventos extremos. Conhe\u00e7a os principais impactos e os caminhos para frear a crise.\u00a0","og_url":"https:\/\/educacaoeterritorio.org.br\/especiais\/racismo-ambiental-e-infancias\/reportagens\/como-a-crise-climatica-atinge-os-direitos-das-criancas-e-dos-adolescentes\/","og_site_name":"Especial Racismo Ambiental e Inf\u00e2ncias | Educa\u00e7\u00e3o e Territ\u00f3rio","article_modified_time":"2025-01-16T16:43:10+00:00","og_image":[{"width":1200,"height":800,"url":"https:\/\/educacaoeterritorio.org.br\/especiais\/racismo-ambiental-e-infancias\/wp-content\/uploads\/sites\/2\/2024\/07\/Racismo-Ambiental-e-Infancias.jpg","type":"image\/jpeg"}],"twitter_card":"summary_large_image","twitter_misc":{"Est. tempo de leitura":"9 minutos"},"schema":{"@context":"https:\/\/schema.org","@graph":[{"@type":"WebPage","@id":"https:\/\/educacaoeterritorio.org.br\/especiais\/racismo-ambiental-e-infancias\/reportagens\/como-a-crise-climatica-atinge-os-direitos-das-criancas-e-dos-adolescentes\/","url":"https:\/\/educacaoeterritorio.org.br\/especiais\/racismo-ambiental-e-infancias\/reportagens\/como-a-crise-climatica-atinge-os-direitos-das-criancas-e-dos-adolescentes\/","name":"Como a crise clim\u00e1tica atinge os direitos das crian\u00e7as e dos adolescentes - Especial Racismo Ambiental e Inf\u00e2ncias | Educa\u00e7\u00e3o e Territ\u00f3rio","isPartOf":{"@id":"https:\/\/educacaoeterritorio.org.br\/especiais\/racismo-ambiental-e-infancias\/#website"},"datePublished":"2024-07-17T13:41:42+00:00","dateModified":"2025-01-16T16:43:10+00:00","description":"As inf\u00e2ncias e adolesc\u00eancias j\u00e1 est\u00e3o sendo afetadas pela emerg\u00eancia clim\u00e1tica e pelos eventos extremos. Conhe\u00e7a os principais impactos e os caminhos para frear a crise.\u00a0","breadcrumb":{"@id":"https:\/\/educacaoeterritorio.org.br\/especiais\/racismo-ambiental-e-infancias\/reportagens\/como-a-crise-climatica-atinge-os-direitos-das-criancas-e-dos-adolescentes\/#breadcrumb"},"inLanguage":"pt-BR","potentialAction":[{"@type":"ReadAction","target":["https:\/\/educacaoeterritorio.org.br\/especiais\/racismo-ambiental-e-infancias\/reportagens\/como-a-crise-climatica-atinge-os-direitos-das-criancas-e-dos-adolescentes\/"]}]},{"@type":"BreadcrumbList","@id":"https:\/\/educacaoeterritorio.org.br\/especiais\/racismo-ambiental-e-infancias\/reportagens\/como-a-crise-climatica-atinge-os-direitos-das-criancas-e-dos-adolescentes\/#breadcrumb","itemListElement":[{"@type":"ListItem","position":1,"name":"In\u00edcio","item":"https:\/\/educacaoeterritorio.org.br\/especiais\/racismo-ambiental-e-infancias\/"},{"@type":"ListItem","position":2,"name":"Reportagens","item":"https:\/\/educacaoeterritorio.org.br\/especiais\/racismo-ambiental-e-infancias\/reportagens\/"},{"@type":"ListItem","position":3,"name":"Como a crise clim\u00e1tica atinge os direitos das crian\u00e7as e dos adolescentes"}]},{"@type":"WebSite","@id":"https:\/\/educacaoeterritorio.org.br\/especiais\/racismo-ambiental-e-infancias\/#website","url":"https:\/\/educacaoeterritorio.org.br\/especiais\/racismo-ambiental-e-infancias\/","name":"Especial Racismo Ambiental e Inf\u00e2ncias | Educa\u00e7\u00e3o e Territ\u00f3rio","description":"Entenda como a crise clim\u00e1tica e o racismo ambiental afetam os direitos das crian\u00e7as e dos adolescentes.","publisher":{"@id":"https:\/\/educacaoeterritorio.org.br\/especiais\/racismo-ambiental-e-infancias\/#organization"},"potentialAction":[{"@type":"SearchAction","target":{"@type":"EntryPoint","urlTemplate":"https:\/\/educacaoeterritorio.org.br\/especiais\/racismo-ambiental-e-infancias\/?s={search_term_string}"},"query-input":"required name=search_term_string"}],"inLanguage":"pt-BR"},{"@type":"Organization","@id":"https:\/\/educacaoeterritorio.org.br\/especiais\/racismo-ambiental-e-infancias\/#organization","name":"Especial Racismo Ambiental e Inf\u00e2ncias | Educa\u00e7\u00e3o e Territ\u00f3rio","url":"https:\/\/educacaoeterritorio.org.br\/especiais\/racismo-ambiental-e-infancias\/","logo":{"@type":"ImageObject","inLanguage":"pt-BR","@id":"https:\/\/educacaoeterritorio.org.br\/especiais\/racismo-ambiental-e-infancias\/#\/schema\/logo\/image\/","url":"https:\/\/educacaoeterritorio.org.br\/especiais\/racismo-ambiental-e-infancias\/wp-content\/uploads\/sites\/2\/2024\/10\/cropped-logo-edt.png","contentUrl":"https:\/\/educacaoeterritorio.org.br\/especiais\/racismo-ambiental-e-infancias\/wp-content\/uploads\/sites\/2\/2024\/10\/cropped-logo-edt.png","width":182,"height":51,"caption":"Especial Racismo Ambiental e Inf\u00e2ncias | Educa\u00e7\u00e3o e Territ\u00f3rio"},"image":{"@id":"https:\/\/educacaoeterritorio.org.br\/especiais\/racismo-ambiental-e-infancias\/#\/schema\/logo\/image\/"}}]}},"_links":{"self":[{"href":"https:\/\/educacaoeterritorio.org.br\/especiais\/racismo-ambiental-e-infancias\/wp-json\/wp\/v2\/reportagem\/15"}],"collection":[{"href":"https:\/\/educacaoeterritorio.org.br\/especiais\/racismo-ambiental-e-infancias\/wp-json\/wp\/v2\/reportagem"}],"about":[{"href":"https:\/\/educacaoeterritorio.org.br\/especiais\/racismo-ambiental-e-infancias\/wp-json\/wp\/v2\/types\/reportagem"}],"replies":[{"embeddable":true,"href":"https:\/\/educacaoeterritorio.org.br\/especiais\/racismo-ambiental-e-infancias\/wp-json\/wp\/v2\/comments?post=15"}],"wp:featuredmedia":[{"embeddable":true,"href":"https:\/\/educacaoeterritorio.org.br\/especiais\/racismo-ambiental-e-infancias\/wp-json\/wp\/v2\/media\/17"}],"wp:attachment":[{"href":"https:\/\/educacaoeterritorio.org.br\/especiais\/racismo-ambiental-e-infancias\/wp-json\/wp\/v2\/media?parent=15"}],"curies":[{"name":"wp","href":"https:\/\/api.w.org\/{rel}","templated":true}]}}